{"id":16087,"date":"2018-05-08T16:13:52","date_gmt":"2018-05-08T16:13:52","guid":{"rendered":"http:\/\/67.227.198.209\/~community\/?page_id=16087"},"modified":"2024-02-08T21:37:39","modified_gmt":"2024-02-08T21:37:39","slug":"renforcement-des-capacites","status":"publish","type":"page","link":"https:\/\/communityforwardfund.ca\/fr\/renforcement-des-capacites\/","title":{"rendered":"Renforcement des capacit\u00e9s"},"content":{"rendered":"<div class=\"wpb-content-wrapper\"><p>[vc_row bg_image=&#8221;16361&#8243; top_padding=&#8221;150&#8243; bottom_padding=&#8221;150&#8243; bg_position=&#8221;center center&#8221;][vc_column width=&#8221;1\/1&#8243;]<h1 class=\"headline font-special fontsize-xxxl fontweight-300 lh-13 align-left transform-uppercase \" style=\"margin: 0 0 20px 0; color: #ffffff;\">Renforcement des capacit\u00e9s<\/h1>[\/vc_column][\/vc_row][vc_row top_padding=&#8221;60&#8243; bottom_padding=&#8221;30&#8243;][vc_column width=&#8221;1\/4&#8243;][vc_column_text]<img loading=\"lazy\" decoding=\"async\" class=\" wp-image-16121 aligncenter\" src=\"https:\/\/communityforwardfund.ca\/fr\/wp-content\/uploads\/2018\/05\/mms-logo-en.png\" alt=\"\" width=\"220\" height=\"137\" \/>[\/vc_column_text][\/vc_column][vc_column width=&#8221;3\/4&#8243;]<div class=\"headline font-inherit fontsize-m fontweight-inherit lh-19 align-left transform-inherit \" style=\"margin: 0 0 60px 0;\">Argent, Mission, Strat\u00e9gie est un dispositif \u00e9ducatif novateur soutenu par des personnes d&#8217;exp\u00e9rience et con\u00e7u pour apporter aux organismes sans but lucratif les connaissances et les comp\u00e9tences dont ils ont besoin pour \u00e9valuer leur sant\u00e9 financi\u00e8re et int\u00e9grer des outils pratiques de planification financi\u00e8re dans leurs communications et dans leur gestion au quotidien. Le dispositif comporte plusieurs composants.<\/div>[\/vc_column][\/vc_row][vc_row top_padding=&#8221;0&#8243; bottom_padding=&#8221;50&#8243; bg_position=&#8221;left top&#8221;][vc_column width=&#8221;1\/3&#8243;]<div class=\"iconbox  wpb_content_element iconbox-style-2 icon-color-accent color-dark clearfix\"><div class=\"iconbox-icon\"><i class=\"fa sl-wallet boxicon\" style=\"\"><\/i><\/div><div class=\"iconbox-content\"><h3>Argent<\/h3><p><span lang=\"FR\">Nous analysons votre situation au cours des 3 &#8211; 5 derni\u00e8res ann\u00e9es afin de pouvoir discuter de vos futurs actions<\/span><\/p><\/div><\/div>[\/vc_column][vc_column width=&#8221;1\/3&#8243;]<div class=\"iconbox  wpb_content_element iconbox-style-2 icon-color-accent color-dark clearfix\"><div class=\"iconbox-icon\"><i class=\"fa sl-heart boxicon\" style=\"\"><\/i><\/div><div class=\"iconbox-content\"><h3>Mission<\/h3><p><span lang=\"FR\">Apprendre \u00e0 \u00e9quilibrer la mission de votre organisme avec ses r\u00e9alit\u00e9s financi\u00e8res<\/span><\/p><\/div><\/div>[\/vc_column][vc_column width=&#8221;1\/3&#8243;]<div class=\"iconbox  wpb_content_element iconbox-style-2 icon-color-accent color-dark clearfix\"><div class=\"iconbox-icon\"><i class=\"fa sl-user-following boxicon\" style=\"\"><\/i><\/div><div class=\"iconbox-content\"><h3>Strat\u00e9gie<\/h3><p><span lang=\"FR\">Apprendre \u00e0 int\u00e9grer les besoins financiers de votre organisme dans vos conversations avec vos bailleurs de fonds, votre conseil d&#8217;administration, votre personnel et vos parties prenantes<\/span><\/p><\/div><\/div>[\/vc_column][\/vc_row][vc_row top_padding=&#8221;40&#8243; bottom_padding=&#8221;40&#8243;][vc_column width=&#8221;1\/2&#8243;][vc_tta_accordion shape=&#8221;square&#8221; color=&#8221;green&#8221; gap=&#8221;1&#8243; active_section=&#8221;0&#8243; collapsible_all=&#8221;true&#8221;][vc_tta_section title=&#8221;Partie I \u2013 La Strat\u00e9gie Financi\u00e8re&#8221; tab_id=&#8221;1525796539029-2bdb9ef2-1d91&#8243;][vc_column_text]Le premier jour, les participants apprennent \u00e0 \u00e9quilibrer la mission de leur organisme avec ses r\u00e9alit\u00e9s financi\u00e8res. Afin de poser les bases de cette conversation, nous explorons les particularit\u00e9s de l&#8217;\u00e9conomie sans but lucratif, y compris les r\u00e8gles et les contradictions inh\u00e9rentes au syst\u00e8me financier dans lequel op\u00e8rent les organismes sans but lucratif. Nous donnons ensuite des instructions sur la fa\u00e7on de lire et interpr\u00e9ter les \u00e9tats financiers d&#8217;un organisme \u00e0 but non lucratif. Les activit\u00e9s pratiques permettront aux participants de plonger dans des \u00e9tudes de cas r\u00e9els ainsi que dans les chiffres de leur propre organisation et ils auront pour d\u00e9fi d&#8217;identifier les zones de risque en \u00e9valuant leur propre sant\u00e9 financi\u00e8re.<\/p>\n<p class=\"p2\">En s&#8217;appuyant sur une meilleure compr\u00e9hension financi\u00e8re, FPC pr\u00e9sentera les concepts cl\u00e9s de la capitalisation sans but lucratif et travaillera avec les groupes pour reconna\u00eetre les mod\u00e8les d&#8217;affaires sous-jacents qui r\u00e9gissent les finances de leur organisme. Enfin, FPC pr\u00e9sentera des outils et des strat\u00e9gies sp\u00e9cifiques pour la planification et la gestion dans des p\u00e9riodes difficiles.<\/p>\n<p>[\/vc_column_text][\/vc_tta_section][vc_tta_section title=&#8221;Partie II \u2013 Communiquer Sur Votre Parcours Financier&#8221; tab_id=&#8221;1525796539045-f299a92b-fb16&#8243;][vc_column_text]<span lang=\"FR\">Chaque organisme a des besoins financiers qui doivent \u00eatre int\u00e9gr\u00e9s aux conversations avec ses bailleurs de fonds, son conseil d&#8217;administration, son personnel et ses parties prenantes. Au cours de cette s\u00e9ance, les participants recevront une analyse des tendances sur trois \u00e0 cinq ans de leur organisme pr\u00e9par\u00e9e par FPC avec les donn\u00e9es financi\u00e8res soumises au pr\u00e9alable. En s&#8217;appuyant sur les connaissances acquises au cours de la premi\u00e8re journ\u00e9e, les participants s&#8217;exerceront \u00e0 articuler leur parcours financier. Avec le soutien du personnel du FPC, ce parcours est affin\u00e9 sur deux sessions. Le deuxi\u00e8me jour, chaque organisation aura l&#8217;occasion de pr\u00e9senter son parcours aux mentors et aux pairs du programme. Les organismes disposeront pour finir d&#8217;un rapport de diagnostic analytique et du savoir-faire pour utiliser le rapport dans leurs communications au quotidien.<\/span>[\/vc_column_text][\/vc_tta_section][vc_tta_section title=&#8221;Partie III \u2013 Suivi&#8221; tab_id=&#8221;1525796620377-5e38bffe-d98a&#8221;][vc_column_text]<span lang=\"FR\">Pour les organismes qui identifient un besoin d&#8217;assistance pour un suivi ou du conseil financier, FPC offrira jusqu&#8217;\u00e0 une heure d&#8217;assistance technique personnalis\u00e9e apr\u00e8s la session.<\/span>[\/vc_column_text][\/vc_tta_section][\/vc_tta_accordion][\/vc_column][vc_column width=&#8221;1\/2&#8243;][vc_tta_accordion shape=&#8221;square&#8221; color=&#8221;green&#8221; spacing=&#8221;1&#8243; gap=&#8221;1&#8243; active_section=&#8221;0&#8243; collapsible_all=&#8221;true&#8221;][vc_tta_section title=&#8221;Objectifs Du Programme&#8221; tab_id=&#8221;1525796648614-8002ea85-68f5&#8243;][vc_column_text]Les participants auront une meilleure connaissance et compr\u00e9hension de la sant\u00e9 financi\u00e8re et des tendances de leur organisme.<\/p>\n<p>Les participants seront mieux \u00e0 m\u00eame d&#8217;\u00e9valuer leur mod\u00e8le d&#8217;affaires et de comprendre comment les programmes sont li\u00e9s \u00e0 la structure financi\u00e8re.<\/p>\n<p>Les participants utiliseront de meilleures pratiques de planification et de budg\u00e9tisation.<\/p>\n<p>Les participants recevront une copie \u00e9lectronique d&#8217;un rapport de diagnostic d\u00e9taillant les \u00e9tats financiers de leur organisme dans plusieurs tableaux. \u00c0 la fin de la session, chaque organisme participant aura \u00e9labor\u00e9 un cadre (comprenant les graphiques, les observations et les prochaines \u00e9tapes) qui servira d&#8217;outil pour communiquer sa situation financi\u00e8re et ses besoins aux membres du conseil d&#8217;administration, au personnel et aux bailleurs de fonds.[\/vc_column_text][\/vc_tta_section][vc_tta_section title=&#8221;Organismes \u00c9ligibles&#8221; tab_id=&#8221;1525796648637-d3df317c-f069&#8243;][vc_column_text]Organismes de petite ou moyenne taille \u00e0 but non lucratif<\/p>\n<p>Doit avoir au moins trois \u00e0 cinq ans d&#8217;\u00e9tats financiers v\u00e9rifi\u00e9s<\/p>\n<p>Doit remplir la demande et s&#8217;engager \u00e0 assister \u00e0 la session compl\u00e8te<\/p>\n<p>Vouloir terminer les enqu\u00eates pr\u00e9 et post-session et effectuer une petite quantit\u00e9 de &#8220;devoirs \u00e0 la maison&#8221;[\/vc_column_text][\/vc_tta_section][vc_tta_section title=&#8221;Qui Peut Participer ?&#8221; tab_id=&#8221;1525796701851-150166be-765d&#8221;][vc_column_text]Deux \u00e0 trois repr\u00e9sentants de chaque organisme sans but lucratif:<\/p>\n<ul>\n<li><strong>Directeur Ex\u00e9cutif<\/strong><br \/>\n(doit assister aux deux Jours 1 et 2)<\/li>\n<li><strong>Management ou autre membre du personnel avec responsabilit\u00e9 financi\u00e8re<\/strong><br \/>\n(pr\u00e9sence sugg\u00e9r\u00e9e pour le Jour 1 et le Jour 2)<\/li>\n<li><strong>Repr\u00e9sentant du conseil d&#8217;administration<\/strong><br \/>\n(pr\u00e9sence sugg\u00e9r\u00e9e pour le Jour 1 et le Jour 2)<\/li>\n<\/ul>\n<p>[\/vc_column_text][\/vc_tta_section][\/vc_tta_accordion][\/vc_column][\/vc_row][vc_row bg_color=&#8221;#f7f7f7&#8243; text_color=&#8221;light&#8221; top_padding=&#8221;60&#8243; bottom_padding=&#8221;50&#8243; bg_position=&#8221;center top&#8221;][vc_column]<h1 class=\"headline font-special fontsize-xxl fontweight-300 lh-inherit align-center transform-uppercase \" style=\"margin: 0 0 10px 0; color: #303030;\">FINANC\u00c9 G\u00c9N\u00c9REUSEMENT PAR<\/h1>[\/vc_column][\/vc_row][vc_row bg_color=&#8221;#ffffff&#8221; text_align=&#8221;center&#8221; top_padding=&#8221;60&#8243; bottom_padding=&#8221;50&#8243; bg_position=&#8221;left top&#8221;][vc_column width=&#8221;1\/6&#8243;][\/vc_column][vc_column width=&#8221;2\/3&#8243;][vc_row_inner][vc_column_inner width=&#8221;1\/2&#8243;][vc_column_text]<img loading=\"lazy\" decoding=\"async\" class=\" wp-image-16100 aligncenter\" src=\"https:\/\/communityforwardfund.ca\/fr\/wp-content\/uploads\/2018\/05\/otf_logo.png\" alt=\"\" width=\"250\" height=\"97\" \/>[\/vc_column_text][\/vc_column_inner][vc_column_inner width=&#8221;1\/2&#8243;][vc_column_text]<img loading=\"lazy\" decoding=\"async\" class=\" wp-image-16101 aligncenter\" src=\"https:\/\/communityforwardfund.ca\/fr\/wp-content\/uploads\/2018\/05\/td_logo.png\" alt=\"\" width=\"250\" height=\"103\" \/>[\/vc_column_text][\/vc_column_inner][\/vc_row_inner][\/vc_column][vc_column width=&#8221;1\/6&#8243;][\/vc_column][\/vc_row][vc_row type=&#8221;full_width_section&#8221; bg_position=&#8221;left top&#8221;][vc_column width=&#8221;1\/1&#8243;]<div class=\"callout clearfix\" style=\"background-color:#71b170; color:#ffffff;\">\n\t\t<div class=\"callout-text\">Contactez-nous pour en savoir plus sur<\/div>\n\t\t\t<div class=\"callout-button\"><a class=\"button medium color-7\" href=\"https:\/\/communityforwardfund.ca\/fr\/contact\/\" target=\"_self\">CONTACT<\/a><\/div>\n\t\t<\/div>[\/vc_column][\/vc_row]<\/p>\n<\/div>","protected":false},"excerpt":{"rendered":"<p>[vc_row bg_image=&#8221;16361&#8243; top_padding=&#8221;150&#8243; bottom_padding=&#8221;150&#8243; bg_position=&#8221;center center&#8221;][vc_column width=&#8221;1\/1&#8243;][\/vc_column][\/vc_row][vc_row top_padding=&#8221;60&#8243; bottom_padding=&#8221;30&#8243;][vc_column width=&#8221;1\/4&#8243;][vc_column_text][\/vc_column_text][\/vc_column][vc_column width=&#8221;3\/4&#8243;][\/vc_column][\/vc_row][vc_row top_padding=&#8221;0&#8243; bottom_padding=&#8221;50&#8243; bg_position=&#8221;left top&#8221;][vc_column width=&#8221;1\/3&#8243;][\/vc_column][vc_column width=&#8221;1\/3&#8243;][\/vc_column][vc_column width=&#8221;1\/3&#8243;][\/vc_column][\/vc_row][vc_row top_padding=&#8221;40&#8243; bottom_padding=&#8221;40&#8243;][vc_column width=&#8221;1\/2&#8243;][vc_tta_accordion shape=&#8221;square&#8221; color=&#8221;green&#8221; gap=&#8221;1&#8243; active_section=&#8221;0&#8243; collapsible_all=&#8221;true&#8221;][vc_tta_section title=&#8221;Partie I \u2013 La Strat\u00e9gie Financi\u00e8re&#8221; tab_id=&#8221;1525796539029-2bdb9ef2-1d91&#8243;][vc_column_text]Le premier jour, les participants apprennent \u00e0 \u00e9quilibrer la mission de leur organisme avec ses r\u00e9alit\u00e9s financi\u00e8res. Afin de poser les bases de cette conversation, nous explorons les particularit\u00e9s de l&#8217;\u00e9conomie sans but lucratif, y compris les r\u00e8gles et les contradictions inh\u00e9rentes au syst\u00e8me financier dans lequel op\u00e8rent les organismes sans but lucratif. Nous donnons ensuite des instructions sur la fa\u00e7on de lire et interpr\u00e9ter les \u00e9tats financiers d&#8217;un organisme \u00e0 but non lucratif. Les activit\u00e9s pratiques permettront aux participants de plonger dans des \u00e9tudes de cas r\u00e9els ainsi que dans les chiffres de leur propre organisation et ils auront pour d\u00e9fi d&#8217;identifier les zones de risque en \u00e9valuant leur propre sant\u00e9 financi\u00e8re. En s&#8217;appuyant sur une meilleure compr\u00e9hension financi\u00e8re, FPC pr\u00e9sentera les concepts cl\u00e9s de la capitalisation sans but lucratif et travaillera avec les groupes pour reconna\u00eetre les mod\u00e8les d&#8217;affaires sous-jacents qui r\u00e9gissent les finances de leur organisme. Enfin, FPC pr\u00e9sentera des outils et des strat\u00e9gies sp\u00e9cifiques pour la planification et la gestion dans des p\u00e9riodes difficiles. [&hellip;]<\/p>\n","protected":false},"author":1,"featured_media":0,"parent":0,"menu_order":0,"comment_status":"closed","ping_status":"closed","template":"","meta":{"_monsterinsights_skip_tracking":false,"_monsterinsights_sitenote_active":false,"_monsterinsights_sitenote_note":"","_monsterinsights_sitenote_category":0,"footnotes":""},"class_list":["post-16087","page","type-page","status-publish","hentry"],"_links":{"self":[{"href":"https:\/\/communityforwardfund.ca\/fr\/wp-json\/wp\/v2\/pages\/16087","targetHints":{"allow":["GET"]}}],"collection":[{"href":"https:\/\/communityforwardfund.ca\/fr\/wp-json\/wp\/v2\/pages"}],"about":[{"href":"https:\/\/communityforwardfund.ca\/fr\/wp-json\/wp\/v2\/types\/page"}],"author":[{"embeddable":true,"href":"https:\/\/communityforwardfund.ca\/fr\/wp-json\/wp\/v2\/users\/1"}],"replies":[{"embeddable":true,"href":"https:\/\/communityforwardfund.ca\/fr\/wp-json\/wp\/v2\/comments?post=16087"}],"version-history":[{"count":29,"href":"https:\/\/communityforwardfund.ca\/fr\/wp-json\/wp\/v2\/pages\/16087\/revisions"}],"predecessor-version":[{"id":16824,"href":"https:\/\/communityforwardfund.ca\/fr\/wp-json\/wp\/v2\/pages\/16087\/revisions\/16824"}],"wp:attachment":[{"href":"https:\/\/communityforwardfund.ca\/fr\/wp-json\/wp\/v2\/media?parent=16087"}],"curies":[{"name":"wp","href":"https:\/\/api.w.org\/{rel}","templated":true}]}}