{"id":16073,"date":"2018-05-08T15:37:08","date_gmt":"2018-05-08T15:37:08","guid":{"rendered":"http:\/\/67.227.198.209\/~community\/?page_id=16073"},"modified":"2024-02-08T21:27:09","modified_gmt":"2024-02-08T21:27:09","slug":"gouvernance","status":"publish","type":"page","link":"https:\/\/communityforwardfund.ca\/fr\/gouvernance\/","title":{"rendered":"Gouvernance"},"content":{"rendered":"<div class=\"wpb-content-wrapper\"><p>[vc_row bg_image=&#8221;16352&#8243; top_padding=&#8221;150&#8243; bottom_padding=&#8221;150&#8243; bg_position=&#8221;center center&#8221;][vc_column width=&#8221;1\/1&#8243;]<h1 class=\"headline font-special fontsize-xxxl fontweight-300 lh-13 align-left transform-uppercase \" style=\"margin: 0 0 20px 0; color: #ffffff;\">Gouvernance<\/h1>[\/vc_column][\/vc_row][vc_row bg_color=&#8221;#71b170&#8243; text_color=&#8221;custom&#8221; custom_text_color=&#8221;#ffffff&#8221; text_align=&#8221;center&#8221; top_padding=&#8221;70&#8243; bottom_padding=&#8221;20&#8243;][vc_column width=&#8221;1\/1&#8243;]<div class=\"headline font-inherit fontsize-l fontweight-300 lh-19 align-center transform-inherit \" style=\"margin: 0 0 60px 0; color: #ffffff;\">Les membres du conseil d&#8217;administration du Fonds de progr\u00e8s communautaire et de ses comit\u00e9s contribuent avec un engagement fort au secteur caritatif et \u00e0 but non lucratif ainsi qu&#8217;avec une expertise et de l&#8217;exp\u00e9rience pour nous aider \u00e0 remplir notre mission gr\u00e2ce \u00e0 leur gouvernance.<\/div>[\/vc_column][\/vc_row][vc_row top_padding=&#8221;100&#8243; bottom_padding=&#8221;60&#8243;][vc_column width=&#8221;1\/2&#8243;][vc_column_text]<\/p>\n<h2>Cristobal (Chris) Dobrzanski<\/h2>\n<p><img loading=\"lazy\" decoding=\"async\" class=\"alignleft wp-image-16080 size-full\" src=\"https:\/\/communityforwardfund.ca\/fr\/wp-content\/uploads\/2018\/05\/cristobal1.jpg\" alt=\"\" width=\"88\" height=\"125\" \/><\/p>\n<p>Observateur chevronn\u00e9 et enthousiaste de la sc\u00e8ne financi\u00e8re nord-am\u00e9ricaine et de l&#8217;impact communautaire, Chris Dobrzanski, a pris sa retraite en novembre 2015 de son poste de chef de la direction de la Citizens Bank of Canada et \u00e9conomiste en chef de la soci\u00e9t\u00e9-m\u00e8re, Vancity Credit Union. Chris est toujours actif dans le domaine de l&#8217;investissement d&#8217;impact et aupr\u00e8s du Global Social Economic Forum.<\/p>\n<p>Chris a rejoint Vancity en 1984 et il a \u00e9labor\u00e9 un syst\u00e8me de gestion des risques qui combine le comportement des membres locaux avec les tendances \u00e9conomiques internationales. Il a adapt\u00e9 des strat\u00e9gies financi\u00e8res novatrices pour am\u00e9liorer le service, faire progresser les employ\u00e9s, maintenir l&#8217;ad\u00e9quation des fonds propres et la conformit\u00e9 r\u00e9glementaire, et contribuer \u00e0 la prosp\u00e9rit\u00e9 de la communaut\u00e9.<\/p>\n<p>En 2009, il a occup\u00e9 le poste de Vice-pr\u00e9sident s\u00e9nior par int\u00e9rim de la nouvelle division de financement social de Vancity (aujourd&#8217;hui la division de l&#8217;investissement communautaire), qui vise \u00e0 accro\u00eetre l&#8217;impact communautaire gr\u00e2ce aux activit\u00e9s de pr\u00eat et de tr\u00e9sorerie de la caisse d&#8217;\u00e9pargne. En plus de mettre en place la division et sa strat\u00e9gie, Chris a \u00e9galement assur\u00e9 une plus grande responsabilit\u00e9 fiduciaire dans ces activit\u00e9s.<\/p>\n<p>Avant de rejoindre Vancity, Chris a \u00e9t\u00e9 directeur fondateur de l&#8217;University Community Credit Union, qui est devenue une succursale de la B.C. Teachers Credit Union et qui a ensuite fusionn\u00e9e avec Vancity. Il a \u00e9galement travaill\u00e9 pour la Credit Union Reserve Board. Chris a si\u00e9g\u00e9 au conseil d&#8217;administration de la Stabilization Central Credit Union en Colombie-Britannique pendant six ans jusqu&#8217;en 2007. Il a pass\u00e9 plus de quatre ans au sein de la Banque de Colombie-Britannique au service des pr\u00eats internationaux au milieu des ann\u00e9es 1980.<\/p>\n<p>L&#8217;activit\u00e9 internationale de Chris l&#8217;a men\u00e9 en Argentine, en Chine, au Mexique, en Pologne, en Russie et plus r\u00e9cemment en Cor\u00e9e. En 2002, il a compl\u00e9t\u00e9 le programme d&#8217;\u00e9tudes coop\u00e9ratives de l&#8217;Universit\u00e9 de Bologne en Italie.<\/p>\n<p class=\"m-1169812423647498156s7\">Chris d\u00e9tient une certification en gestion des investissements, un master en \u00e9conomie et un MBA en finance de l&#8217;Universit\u00e9 de la Colombie-Britannique. Il parle couramment quatre langues.<\/p>\n<p>[\/vc_column_text][\/vc_column][vc_column width=&#8221;1\/2&#8243;][vc_column_text]<\/p>\n<h2>Elizabeth Duff<\/h2>\n<p><img loading=\"lazy\" decoding=\"async\" class=\"alignleft wp-image-16175 size-full\" src=\"https:\/\/communityforwardfund.ca\/fr\/wp-content\/uploads\/2018\/05\/Elizabeth2.jpg\" alt=\"\" width=\"88\" height=\"125\" \/><\/p>\n<p>Pendant 31 ans, Elizabeth Duff a men\u00e9 une carri\u00e8re fructueuse \u00e0 la Newfoundland and Labrador Credit Union (NLCU) o\u00f9 elle a occup\u00e9 le poste de chef des finances en 2002. Tout au long de sa carri\u00e8re, Duff a pris part \u00e0 des conf\u00e9rences nationales et elle a publi\u00e9 des articles sur la finance et le b\u00e9n\u00e9volat dans les magazines nationaux et dans des publications locales. Elle a pris sa retraite de la NLCU en 2017 et elle travaille d\u00e9sormais comme chef des finances s\u00e9nior pour la Congr\u00e9gation des S\u0153urs de la Mis\u00e9ricorde de Terre-Neuve. Comptable professionnelle certifi\u00e9e, elle d\u00e9tient un B.A. de l&#8217;Universit\u00e9 Memorial et un dipl\u00f4me en administration pour organismes \u00e0 but non lucratif de l&#8217;Universit\u00e9 Concordia.<\/p>\n<p>Duff participe activement au secteur b\u00e9n\u00e9vole et communautaire \u00e0 but non lucratif depuis plus de 20 ans, offrant son expertise en leadership et en finances \u00e0 divers groupes communautaires. En tant que b\u00e9n\u00e9vole, elle a \u00e9t\u00e9 pr\u00e9sidente de l&#8217;Association pulmonaire du Canada, tr\u00e9sori\u00e8re et pr\u00e9sidente de l&#8217;Association pulmonaire de Terre-Neuve-et-Labrador, tr\u00e9sori\u00e8re de la NLCU Charitable Foundation, tr\u00e9sori\u00e8re de la Commission Peter Barry Duff Memorial Park et secr\u00e9taire du comit\u00e9 des finances du Gathering Place et conseill\u00e8re pour le Fonds de progr\u00e8s communautaire.<\/p>\n<p>Les contributions b\u00e9n\u00e9voles de Duff ont entra\u00een\u00e9 des changements positifs \u00e0 Terre-Neuve-et-Labrador, particuli\u00e8rement dans les domaines de la sant\u00e9 environnementale et personnelle. Elle a plaid\u00e9 contre l&#8217;utilisation de produits chimiques nuisibles pour la pelouse et a fait pression pour la mise en \u0153uvre d&#8217;un programme d&#8217;oxyg\u00e9noth\u00e9rapie \u00e0 domicile pour les personnes souffrant de maladies et de probl\u00e8mes pulmonaires. Pour Duff, \u00eatre b\u00e9n\u00e9vole n&#8217;est pas seulement une exp\u00e9rience personnelle gratifiante, mais une fa\u00e7on d\u00e9monstrative de redonner. Ou, selon ses mots, de &#8221; payer pour le progr\u00e8s.&#8221;[\/vc_column_text][\/vc_column][\/vc_row][vc_row top_padding=&#8221;40&#8243; bottom_padding=&#8221;60&#8243;][vc_column width=&#8221;1\/2&#8243;][vc_column_text]<\/p>\n<h2>Garth Davis<\/h2>\n<p><img loading=\"lazy\" decoding=\"async\" class=\"alignleft wp-image-16156 size-full\" src=\"https:\/\/communityforwardfund.ca\/fr\/wp-content\/uploads\/2019\/02\/gd.png\" alt=\"\" width=\"88\" height=\"125\" \/><\/p>\n<p>Garth a pass\u00e9 plus de 25 ans dans le d\u00e9ploiement de capital et il poss\u00e8de une exp\u00e9rience de leadership dans l&#8217;investissement d&#8217;impact, le capital-investissement et le financement d&#8217;entreprise et \u00e0 effet de levier. Avant de fonder New Market Funds en 2013, Garth a dirig\u00e9 les efforts d&#8217;investissement d&#8217;impact non conventionnels de Vancity Credit Union. En tant que vice-pr\u00e9sident en charge du capital communautaire, il \u00e9tait responsable de la mise en place et de la surveillance de ses activit\u00e9s en capitaux propres, de la dette junior et de capital patient afin de g\u00e9n\u00e9rer des rendements financiers ajust\u00e9s au risque ainsi que des impacts sociaux et environnementaux.<\/p>\n<p>Avant de rejoindre Vancity en 2010, Garth fut le co-fondateur et associ\u00e9 de Turtle Creek Private Equity \u00e0 Toronto. \u00c0 Turtle Creek, il fut responsable de l&#8217;ex\u00e9cution et de la gestion du capital-investissement sur le march\u00e9 interm\u00e9diaire et il partageait \u00e9galement les responsabilit\u00e9s de direction et de gestion pour la strat\u00e9gie, le d\u00e9veloppement de l&#8217;entreprise, le renforcement des \u00e9quipes et les op\u00e9rations. Avant de cofonder Turtle Creek, Garth a pass\u00e9 neuf ans comme associ\u00e9 chez Scotia Merchant Capital, la filiale nord-am\u00e9ricaine de capital-investissement de la Banque de Nouvelle-\u00c9cosse. Garth a d\u00e9but\u00e9 sa carri\u00e8re en passant cinq ans dans le financement d&#8217;entreprise et \u00e0 effet de levier chez Scotia Capital, la filiale d&#8217;investissement et de banque d&#8217;affaires de Bank of Nova Scotia.<\/p>\n<p>Garth est titulaire d&#8217;un Master en \u00e9conomie internationale obtenue \u00e0 la Paul H. Nitze School pour les \u00e9tudes internationales avanc\u00e9es de l&#8217;Universit\u00e9 Johns Hopkins, d&#8217;un Master en sciences de la London School of Economics and Political Science et d&#8217;un BA de l&#8217;Universit\u00e9 Simon Fraser.[\/vc_column_text][\/vc_column][vc_column width=&#8221;1\/2&#8243;][vc_column_text]<\/p>\n<h2>Ian Bird<\/h2>\n<p><img loading=\"lazy\" decoding=\"async\" class=\"wp-image-16484 alignleft\" src=\"https:\/\/communityforwardfund.ca\/fr\/wp-content\/uploads\/2020\/04\/ian-281x300.png\" alt=\"\" width=\"118\" height=\"126\" srcset=\"https:\/\/communityforwardfund.ca\/fr\/wp-content\/uploads\/2020\/04\/ian-281x300.png 281w, https:\/\/communityforwardfund.ca\/fr\/wp-content\/uploads\/2020\/04\/ian.png 287w\" sizes=\"auto, (max-width: 118px) 100vw, 118px\" \/><\/p>\n<p>Ian Bird est co-fondateur de la Chelsea Commons et propri\u00e9taire de la Henry Burrows Community Tavern (fond\u00e9e en 1861), deux nouveaux projets locaux visant \u00e0 placer la communaut\u00e9 au centre de l&#8217;\u00e9conomie et du tissu social de Chelsea. Lorsqu&#8217;il ne participe pas aux efforts locaux, Ian est b\u00e9n\u00e9vole en tant que pr\u00e9sident de la Child &amp; Nature Alliance du Canada, et en tant que directeur du Community Forward Fund et du Global Fund for Community Foundations.<\/p>\n<p>Il a r\u00e9cemment termin\u00e9 une d\u00e9cennie de leadership et de collaboration avec des r\u00e9seaux philanthropiques et des fondations communautaires au Canada et dans le monde entier, notamment en tant que pr\u00e9sident et directeur g\u00e9n\u00e9ral des Fondations communautaires du Canada et directeur g\u00e9n\u00e9ral de la Fondation Rideau Hall.<\/p>\n<p>Auparavant, Ian a jou\u00e9 un r\u00f4le de catalyseur au sein du Groupe Le sport est important, une &#8220;non-organisation&#8221; qui a favoris\u00e9 le d\u00e9veloppement du secteur sportif canadien pendant la p\u00e9riode pr\u00e9c\u00e9dant les Jeux olympiques et paralympiques de Vancouver en 2010.<\/p>\n<p>Ian vit dans les collines de la Gatineau avec sa partenaire, Kristin, et leurs trois enfants.[\/vc_column_text][\/vc_column][\/vc_row][vc_row top_padding=&#8221;100&#8243; bottom_padding=&#8221;60&#8243;][vc_column width=&#8221;1\/2&#8243;][vc_column_text]<\/p>\n<h2>Katie Gibson<\/h2>\n<p><img loading=\"lazy\" decoding=\"async\" class=\"wp-image-16485 alignleft\" src=\"https:\/\/communityforwardfund.ca\/fr\/wp-content\/uploads\/2020\/04\/katie-266x300.png\" alt=\"\" width=\"117\" height=\"132\" srcset=\"https:\/\/communityforwardfund.ca\/fr\/wp-content\/uploads\/2020\/04\/katie-266x300.png 266w, https:\/\/communityforwardfund.ca\/fr\/wp-content\/uploads\/2020\/04\/katie.png 292w\" sizes=\"auto, (max-width: 117px) 100vw, 117px\" \/><\/p>\n<p>Katie a occup\u00e9 des postes de direction dans des organisations \u00e0 but non lucratif, au sein du gouvernement et dans le monde des affaires. Elle est passionn\u00e9e par la collaboration entre les diff\u00e9rents secteurs pour renforcer les communaut\u00e9s. Elle a exerc\u00e9 un leadership en mati\u00e8re de politiques et de programmes en tant que cadre dans une organisation caritative nationale et dans un gouvernement provincial, o\u00f9 elle a dirig\u00e9 des \u00e9quipes ax\u00e9es sur l&#8217;entrepreneuriat, l&#8217;entreprise sociale et l&#8217;autonomisation des femmes. Au Centre MaRS pour l&#8217;investissement d&#8217;impact et en tant que fondatrice d&#8217;un cabinet de conseil ax\u00e9 sur les organismes \u00e0 but non lucratif et les entreprises sociales, Katie a aid\u00e9 des organisations \u00e0 concevoir et \u00e0 ex\u00e9cuter des strat\u00e9gies pour accro\u00eetre leur impact.<\/p>\n<p>Katie si\u00e8ge actuellement au conseil d&#8217;administration d&#8217;Options for Homes, le plus grand promoteur immobilier du Canada qui travaille exclusivement \u00e0 rendre l&#8217;accession \u00e0 la propri\u00e9t\u00e9 plus abordable.<\/p>\n<p>Katie a pratiqu\u00e9 et enseign\u00e9 le droit, et a \u00e9t\u00e9 greffi\u00e8re \u00e0 la Cour supr\u00eame du Canada et \u00e0 la Cour d&#8217;appel de l&#8217;Ontario. Elle est titulaire d&#8217;une licence de l&#8217;universit\u00e9 de Harvard et a obtenu un dipl\u00f4me conjoint de droit civil et de common law ainsi qu&#8217;une ma\u00eetrise en administration des affaires \u00e0 l&#8217;universit\u00e9 McGill.[\/vc_column_text][\/vc_column][vc_column width=&#8221;1\/2&#8243;][vc_column_text]<\/p>\n<h2>Kent Farrell<\/h2>\n<p><img loading=\"lazy\" decoding=\"async\" class=\"wp-image-16486 alignleft\" src=\"https:\/\/communityforwardfund.ca\/fr\/wp-content\/uploads\/2020\/04\/kent-300x300.png\" alt=\"\" width=\"128\" height=\"128\" srcset=\"https:\/\/communityforwardfund.ca\/fr\/wp-content\/uploads\/2020\/04\/kent-300x300.png 300w, https:\/\/communityforwardfund.ca\/fr\/wp-content\/uploads\/2020\/04\/kent-150x150.png 150w, https:\/\/communityforwardfund.ca\/fr\/wp-content\/uploads\/2020\/04\/kent-80x80.png 80w, https:\/\/communityforwardfund.ca\/fr\/wp-content\/uploads\/2020\/04\/kent.png 325w\" sizes=\"auto, (max-width: 128px) 100vw, 128px\" \/><\/p>\n<p>Kent est titulaire d&#8217;une licence en commerce, d&#8217;un MBA et d&#8217;un titre professionnel de comptable agr\u00e9\u00e9. En 2013, il a \u00e9t\u00e9 nomm\u00e9 membre de la Soci\u00e9t\u00e9 des comptables en management du Canada pour sa contribution \u00e0 la profession comptable, plus particuli\u00e8rement pour son r\u00f4le dans la fusion entre l&#8217;Institut des comptables agr\u00e9\u00e9s du Canada, la Soci\u00e9t\u00e9 des comptables en management du Canada et l&#8217;Association des comptables g\u00e9n\u00e9raux accr\u00e9dit\u00e9s du Canada.<\/p>\n<p>Il a toujours \u00e9t\u00e9 actif dans sa communaut\u00e9 et a \u00e9t\u00e9 pr\u00e9sident du Better Business Bureau of Newfoundland and Labrador, pr\u00e9sident de la Society of Management Accountants of Newfoundland and Labrador, tr\u00e9sorier de la Arthritis Society of Newfoundland and Labrador, et directeur de la Newfoundland and Labrador Brain Injury Association et de Computer for Schools. Kent a \u00e9galement eu le plaisir de si\u00e9ger au Conseil des pr\u00e9sidents de la Soci\u00e9t\u00e9 des comptables en management du Canada.<\/p>\n<p>Kent a commenc\u00e9 sa carri\u00e8re bancaire il y a 22 ans comme directeur de compte commercial et occupe actuellement le poste de directeur du cr\u00e9dit pour la Newfoundland and Labrador Credit Union. Kent a remport\u00e9 le prix de l&#8217;innovation de la Newfoundland and Labrador Credit Union \u00e0 plusieurs reprises et a si\u00e9g\u00e9 \u00e0 plusieurs comit\u00e9s nationaux de la Credit Union.[\/vc_column_text][\/vc_column][\/vc_row][vc_row bg_image=&#8221;16353&#8243; parallax_bg=&#8221;true&#8221; bg_color=&#8221;#71b170&#8243; top_padding=&#8221;60&#8243; bottom_padding=&#8221;60&#8243;][vc_column width=&#8221;1\/1&#8243;]<h1 class=\"headline font-special fontsize-l fontweight-300 lh-inherit align-center transform-inherit \" style=\"margin: 0 0 40px 0; color: #ffffff;\">\u00c9quipe De Gestion<\/h1>[vc_row_inner][vc_column_inner width=&#8221;1\/3&#8243; css=&#8221;.vc_custom_1525210833974{padding-top: 40px !important;padding-right: 40px !important;padding-bottom: 40px !important;padding-left: 40px !important;background-color: #ffffff !important;}&#8221;]<div class=\"member wpb_content_element\"><div class=\"member-img\"><img decoding=\"async\" src=\"https:\/\/communityforwardfund.ca\/fr\/wp-content\/uploads\/2018\/04\/andy-web.jpg\" alt=\"\" \/><\/div><h4>Andy Broderick<\/h4><div class=\"member-role\">Associ\u00e9<\/div><div class=\"member-content\"><p><span lang=\"FR\">G\u00e8re et supervise l&#8217;activit\u00e9 et la strat\u00e9gie de la plateforme New Market Funds. Il poss\u00e8de plus de 25 ans d&#8217;exp\u00e9rience dans le d\u00e9veloppement immobilier \u00e0 but non lucratif, y compris plus de 13 ans dans le lancement et la gestion de fonds chez Vancity et Housing Vermont. Il est titulaire d&#8217;un MA de l&#8217;Universit\u00e9 de Virginie et d&#8217;un BA de l&#8217;Universit\u00e9 James Madison.<\/span><\/p><\/div><ul class=\"social-icons clearfix\"><li class=\"social-icon social-linkedin\"><a href=\"https:\/\/ca.linkedin.com\/pub\/andy-broderick\/11\/609\/723\" target=\"_blank\" title=\"LinkedIn\"><i class=\"fa fa-linkedin\"><\/i><\/a><\/li><li class=\"social-icon social-email\"><a href=\"mailto:abroderick@newmarketfunds.ca\" title=\"Mail\"><i class=\"fa fa-send-o\"><\/i><\/a><\/li><\/ul><\/div>[\/vc_column_inner][vc_column_inner width=&#8221;1\/3&#8243; css=&#8221;.vc_custom_1525872080464{padding-top: 40px !important;padding-right: 40px !important;padding-bottom: 40px !important;padding-left: 40px !important;background-color: #ffffff !important;}&#8221;]<div class=\"member wpb_content_element\"><div class=\"member-img\"><img decoding=\"async\" src=\"https:\/\/communityforwardfund.ca\/fr\/wp-content\/uploads\/2018\/05\/derek.jpg\" alt=\"\" \/><\/div><h4>Derek Ballantyne<\/h4><div class=\"member-role\">Associ\u00e9<\/div><div class=\"member-content\"><p><span lang=\"FR\">G\u00e8re et supervise les activit\u00e9s et la strat\u00e9gie du Fonds de progr\u00e8s communautaire et du Fonds d&#8217;investissement coop\u00e9ratif du Canada. Il poss\u00e8de plus de 20 ans d&#8217;exp\u00e9rience en tant que chef de la direction de Toronto Community Housing et chef de l&#8217;exploitation de Build Toronto. Il a d\u00e9ploy\u00e9 plus de 500 millions de dollars dans l&#8217;immobilier au Canada. Il d\u00e9tient un BA de l&#8217;Universit\u00e9 Carleton.<\/span><\/p><\/div><ul class=\"social-icons clearfix\"><li class=\"social-icon social-linkedin\"><a href=\"https:\/\/ca.linkedin.com\/pub\/derek-ballantyne\/9\/545\/485\" target=\"_blank\" title=\"LinkedIn\"><i class=\"fa fa-linkedin\"><\/i><\/a><\/li><li class=\"social-icon social-email\"><a href=\"mailto:dballantyne@newmarketfunds.ca\" title=\"Mail\"><i class=\"fa fa-send-o\"><\/i><\/a><\/li><\/ul><\/div>[\/vc_column_inner][vc_column_inner width=&#8221;1\/3&#8243; css=&#8221;.vc_custom_1525210928508{padding-top: 40px !important;padding-right: 40px !important;padding-bottom: 40px !important;padding-left: 40px !important;background-color: #ffffff !important;}&#8221;]<div class=\"member wpb_content_element\"><div class=\"member-img\"><img decoding=\"async\" src=\"https:\/\/communityforwardfund.ca\/fr\/wp-content\/uploads\/2019\/02\/garth-headshot.png\" alt=\"\" \/><\/div><h4>Garth Davis<\/h4><div class=\"member-role\">Associ\u00e9<\/div><div class=\"member-content\"><p><span lang=\"FR\">G\u00e8re et supervise l&#8217;activit\u00e9 et la strat\u00e9gie de la plateforme New Market Funds. Il poss\u00e8de plus de 25 ans d&#8217;exp\u00e9rience dans le d\u00e9ploiement de capitaux, y compris Vancity, Turtle Creek et Scotia. Il est titulaire d&#8217;un Master de l&#8217;Universit\u00e9 Johns Hopkins et de la London School of Economics et d&#8217;un BA de l&#8217;Universit\u00e9 Simon Fraser.<\/span><\/p><\/div><ul class=\"social-icons clearfix\"><li class=\"social-icon social-linkedin\"><a href=\"https:\/\/ca.linkedin.com\/pub\/garth-davis\/1a\/2b6\/299\" target=\"_blank\" title=\"LinkedIn\"><i class=\"fa fa-linkedin\"><\/i><\/a><\/li><li class=\"social-icon social-email\"><a href=\"mailto:gdavis@newmarketfunds.ca\" title=\"Mail\"><i class=\"fa fa-send-o\"><\/i><\/a><\/li><\/ul><\/div>[\/vc_column_inner][\/vc_row_inner][\/vc_column][\/vc_row]<\/p>\n<\/div>","protected":false},"excerpt":{"rendered":"<p>[vc_row bg_image=&#8221;16352&#8243; top_padding=&#8221;150&#8243; bottom_padding=&#8221;150&#8243; bg_position=&#8221;center center&#8221;][vc_column width=&#8221;1\/1&#8243;][\/vc_column][\/vc_row][vc_row bg_color=&#8221;#71b170&#8243; text_color=&#8221;custom&#8221; custom_text_color=&#8221;#ffffff&#8221; text_align=&#8221;center&#8221; top_padding=&#8221;70&#8243; bottom_padding=&#8221;20&#8243;][vc_column width=&#8221;1\/1&#8243;][\/vc_column][\/vc_row][vc_row top_padding=&#8221;100&#8243; bottom_padding=&#8221;60&#8243;][vc_column width=&#8221;1\/2&#8243;][vc_column_text] Cristobal (Chris) Dobrzanski Observateur chevronn\u00e9 et enthousiaste de la sc\u00e8ne financi\u00e8re nord-am\u00e9ricaine et de l&#8217;impact communautaire, Chris Dobrzanski, a pris sa retraite en novembre 2015 de son poste de chef de la direction de la Citizens Bank of Canada et \u00e9conomiste en chef de la soci\u00e9t\u00e9-m\u00e8re, Vancity Credit Union. Chris est toujours actif dans le domaine de l&#8217;investissement d&#8217;impact et aupr\u00e8s du Global Social Economic Forum. Chris a rejoint Vancity en 1984 et il a \u00e9labor\u00e9 un syst\u00e8me de gestion des risques qui combine le comportement des membres locaux avec les tendances \u00e9conomiques internationales. Il a adapt\u00e9 des strat\u00e9gies financi\u00e8res novatrices pour am\u00e9liorer le service, faire progresser les employ\u00e9s, maintenir l&#8217;ad\u00e9quation des fonds propres et la conformit\u00e9 r\u00e9glementaire, et contribuer \u00e0 la prosp\u00e9rit\u00e9 de la communaut\u00e9. En 2009, il a occup\u00e9 le poste de Vice-pr\u00e9sident s\u00e9nior par int\u00e9rim de la nouvelle division de financement social de Vancity (aujourd&#8217;hui la division de l&#8217;investissement communautaire), qui vise \u00e0 accro\u00eetre l&#8217;impact communautaire gr\u00e2ce aux activit\u00e9s de pr\u00eat et de tr\u00e9sorerie de la caisse d&#8217;\u00e9pargne. En plus de mettre en place la division et sa strat\u00e9gie, Chris [&hellip;]<\/p>\n","protected":false},"author":1,"featured_media":0,"parent":0,"menu_order":0,"comment_status":"open","ping_status":"open","template":"","meta":{"_monsterinsights_skip_tracking":false,"_monsterinsights_sitenote_active":false,"_monsterinsights_sitenote_note":"","_monsterinsights_sitenote_category":0,"footnotes":""},"class_list":["post-16073","page","type-page","status-publish","hentry"],"_links":{"self":[{"href":"https:\/\/communityforwardfund.ca\/fr\/wp-json\/wp\/v2\/pages\/16073","targetHints":{"allow":["GET"]}}],"collection":[{"href":"https:\/\/communityforwardfund.ca\/fr\/wp-json\/wp\/v2\/pages"}],"about":[{"href":"https:\/\/communityforwardfund.ca\/fr\/wp-json\/wp\/v2\/types\/page"}],"author":[{"embeddable":true,"href":"https:\/\/communityforwardfund.ca\/fr\/wp-json\/wp\/v2\/users\/1"}],"replies":[{"embeddable":true,"href":"https:\/\/communityforwardfund.ca\/fr\/wp-json\/wp\/v2\/comments?post=16073"}],"version-history":[{"count":22,"href":"https:\/\/communityforwardfund.ca\/fr\/wp-json\/wp\/v2\/pages\/16073\/revisions"}],"predecessor-version":[{"id":16812,"href":"https:\/\/communityforwardfund.ca\/fr\/wp-json\/wp\/v2\/pages\/16073\/revisions\/16812"}],"wp:attachment":[{"href":"https:\/\/communityforwardfund.ca\/fr\/wp-json\/wp\/v2\/media?parent=16073"}],"curies":[{"name":"wp","href":"https:\/\/api.w.org\/{rel}","templated":true}]}}