{"id":15919,"date":"2018-05-01T16:54:42","date_gmt":"2018-05-01T16:54:42","guid":{"rendered":"http:\/\/67.227.198.209\/~community\/?page_id=15919"},"modified":"2024-02-09T01:07:48","modified_gmt":"2024-02-09T01:07:48","slug":"fonds-de-progres-communautaire","status":"publish","type":"page","link":"https:\/\/communityforwardfund.ca\/fr\/fonds-de-progres-communautaire\/","title":{"rendered":"Fonds De Progr\u00e8s Communautaire"},"content":{"rendered":"<div class=\"wpb-content-wrapper\"><p>[vc_row bg_image=&#8221;16365&#8243; top_padding=&#8221;150&#8243; bottom_padding=&#8221;150&#8243; bg_position=&#8221;center center&#8221;][vc_column width=&#8221;1\/1&#8243;]<h1 class=\"headline font-special fontsize-xxxl fontweight-300 lh-13 align-left transform-inherit lowercase\" style=\"margin: 0 0 20px 0; color: #ffffff;\">FONDS DE PROGR\u00c8S<br \/>\nCOMMUNAUTAIRE<\/h1>[\/vc_column][\/vc_row][vc_row top_padding=&#8221;80&#8243; bottom_padding=&#8221;80&#8243;][vc_column text_align=&#8221;center&#8221; width=&#8221;1\/1&#8243;]<div class=\"headline font-inherit fontsize-m fontweight-300 lh-19 align-center transform-inherit \" style=\"margin: 0 0 30px 0;\">N\u2019h\u00e9sitez pas \u00e0 nous contacter directement si vous souhaitez en savoir plus sur nos services.<\/div><a href=\"https:\/\/communityforwardfund.ca\/fr\/contact\/\" target=\"_self\" class=\"button color-3 medium \" style=\"border-radius: 2px;\">Contact Us<\/a>[\/vc_column][\/vc_row][vc_row type=&#8221;full_width_section&#8221; desktop_visibility=&#8221;hide&#8221; tablet_landscape_visibility=&#8221;hide&#8221; tablet_portrait_visibility=&#8221;hide&#8221; mobile_landscape_visibility=&#8221;hide&#8221; mobile_portrait_visibility=&#8221;hide&#8221; bg_position=&#8221;left top&#8221;][vc_column bg_color=&#8221;#f7f7f7&#8243; column_padding=&#8221;padding-5&#8243; width=&#8221;1\/2&#8243;]<h1 class=\"headline font-special fontsize-xl fontweight-300 lh-13 align-left transform-inherit lowercase\" style=\"margin: 0 0 20px 0; color: #71b170;\">\u00c0 PROPOS<\/h1>[vc_column_text]<span lang=\"FR\">Le Fonds de progr\u00e8s communautaire investit dans le secteur caritatif et sans but lucratif sous forme de pr\u00eats. Nous pr\u00eatons aux organismes petits et moyens qui s&#8217;engagent \u00e0 servir leurs communaut\u00e9s. Nous nous appuyons sur une vaste exp\u00e9rience pour structurer des opportunit\u00e9s d&#8217;investissement adapt\u00e9es aux besoins de nos investisseurs tout en cr\u00e9ant des avantages \u00e0 long terme pour la communaut\u00e9. Nos investissements offrent des rendements financiers et sociaux.<\/span>[\/vc_column_text][\/vc_column][vc_column bg_image=&#8221;16358&#8243; column_padding=&#8221;padding-5&#8243; column_center=&#8221;true&#8221; text_color=&#8221;light&#8221; width=&#8221;1\/2&#8243;]<div class=\"spacer\" style=\"height: 150px;\"><\/div>[\/vc_column][\/vc_row][vc_row top_padding=&#8221;70&#8243; bottom_padding=&#8221;70&#8243; desktop_visibility=&#8221;hide&#8221; tablet_landscape_visibility=&#8221;hide&#8221; tablet_portrait_visibility=&#8221;hide&#8221; mobile_landscape_visibility=&#8221;hide&#8221; mobile_portrait_visibility=&#8221;hide&#8221;][vc_column width=&#8221;1\/1&#8243;]<h1 class=\"headline font-special fontsize-xl fontweight-300 lh-13 align-center transform-uppercase \" style=\"margin: 0 0 20px 0; color: #71b170;\">investisseurs s\u00e9lectionn\u00e9s<\/h1><div class=\"headline font-inherit fontsize-m fontweight-300 lh-19 align-center transform-inherit \" style=\"margin: 0 0 60px 0;\">Nos investisseurs comprennent des fondations communautaires, des fondations priv\u00e9es et des institutions financi\u00e8res<\/div>[vc_row_inner][vc_column_inner width=&#8221;1\/2&#8243;]<div class=\"minti_list wpb_content_element color-accent point show_separator\" style=\"\">\n<ul>\n<li>Bealight Foundation<\/li>\n<li>Green Shield Canada<\/li>\n<li>Hamilton Community Foundation<\/li>\n<li>Inspirit Foundation<\/li>\n<li>Jamscor Inc.<\/li>\n<li>Laidlaw Foundation<\/li>\n<li>Lyle S. Hallman Foundation<\/li>\n<\/ul>\n<\/div>[\/vc_column_inner][vc_column_inner width=&#8221;1\/2&#8243;]<div class=\"minti_list wpb_content_element color-accent point show_separator\" style=\"\">\n<ul>\n<li>McConnell Foundation<\/li>\n<li>Niagara Community Foundation<\/li>\n<li>Ottawa Community Foundation<\/li>\n<li>The Kitchener and Waterloo Community Foundation<\/li>\n<li>The Lawson Foundation<\/li>\n<li>Victoria Foundation<\/li>\n<\/ul>\n<\/div>[\/vc_column_inner][\/vc_row_inner][\/vc_column][\/vc_row][vc_row bg_color=&#8221;#f7f7f7&#8243; top_padding=&#8221;70&#8243; bottom_padding=&#8221;20&#8243; desktop_visibility=&#8221;hide&#8221; tablet_landscape_visibility=&#8221;hide&#8221; tablet_portrait_visibility=&#8221;hide&#8221; mobile_landscape_visibility=&#8221;hide&#8221; mobile_portrait_visibility=&#8221;hide&#8221; bg_position=&#8221;center top&#8221;][vc_column]<div class=\"minti_carousel  grab-false dots\" data-columns=\"2\" data-tabletcolumns=\"2\" data-nav=\"false\" data-pagination=\"false\" data-autoplay=\"false\" data-animationtime=\"4000\"><div class=\"testimonial-wrap wpb_content_element\"><div class=\"testimonial\">\n<p style=\"text-align: left;\">&#8220;Cet investissement exprime l&#8217;engagement de la Fondation \u00e0 accro\u00eetre l&#8217;acc\u00e8s du secteur communautaire \u00e0 des outils financiers pour relever les d\u00e9fis les plus pressants de la soci\u00e9t\u00e9. Nous sommes heureux de pouvoir ajouter le Fonds de progr\u00e8s communautaire \u00e0 notre portefeuille croissant d&#8217;investissements d&#8217;impact.&#8221;<\/p>\n<p style=\"text-align: left;\"><div class=\"spacer\" style=\"height: 8px;\"><\/div>\n<\/div><div class=\"testimonial-author\">Stephen Huddart<span>Pr\u00e9sident Et Chef De La Direction De La Fondation McConnell<\/span><\/div><\/div><div class=\"testimonial-wrap wpb_content_element\"><div class=\"testimonial\">&#8220;Gr\u00e2ce \u00e0 cette collaboration unique, la Fondation communautaire d&#8217;Ottawa peut aller bien au-del\u00e0 de son r\u00f4le traditionnel de subventionneur. Cela nous fournit une nouvelle m\u00e9thode pour servir la communaut\u00e9 et accro\u00eetre la viabilit\u00e9 du secteur caritatif.&#8221;<\/div><div class=\"testimonial-author\">Brian Toller<span>Pr\u00e9sident Du Conseil Des Gouverneurs De La Fondation Communautaire d&#039;Ottawa<\/span><\/div><\/div><\/div>[\/vc_column][\/vc_row][vc_row bg_image=&#8221;16325&#8243; top_padding=&#8221;150&#8243; bottom_padding=&#8221;150&#8243; desktop_visibility=&#8221;hide&#8221; tablet_landscape_visibility=&#8221;hide&#8221; tablet_portrait_visibility=&#8221;hide&#8221; mobile_landscape_visibility=&#8221;hide&#8221; mobile_portrait_visibility=&#8221;hide&#8221; bg_position=&#8221;center center&#8221;][vc_column width=&#8221;1\/1&#8243;]<h1 class=\"headline font-special fontsize-xxxl fontweight-300 lh-13 align-left transform-uppercase \" style=\"margin: 0 0 20px 0; color: #ffffff;\">Portefeuille<\/h1>[\/vc_column][\/vc_row][vc_row type=&#8221;full_width_section&#8221; desktop_visibility=&#8221;hide&#8221; tablet_landscape_visibility=&#8221;hide&#8221; tablet_portrait_visibility=&#8221;hide&#8221; mobile_landscape_visibility=&#8221;hide&#8221; mobile_portrait_visibility=&#8221;hide&#8221; bg_position=&#8221;left top&#8221;][vc_column column_padding=&#8221;padding-5&#8243; width=&#8221;1\/2&#8243;]<h2 class=\"headline font-special fontsize-l fontweight-400 lh-inherit align-left transform-uppercase \" style=\"margin: 0 0 0px 0; color: #71b170;\">COOP\u00c9RATIVE DE LOGEMENT FOUR FEATHERS<\/h2><div class=\"headline font-special fontsize-xs fontweight-300 lh-inherit align-left transform-uppercase \" style=\"margin: 0 0 20px 0; color: #999999;\">London, ON<\/div>[vc_column_text]Notre travail avec Four Feathers Housing Cooperative a facilit\u00e9 la cr\u00e9ation de 33 nouveaux logements abordables pour les membres des communaut\u00e9s autochtones du Sud de l&#8217;Ontario.[\/vc_column_text]<div class=\"minti_list wpb_content_element color-accent checkbox\" style=\"\">\n<ul>\n<li><strong>Communaut\u00e9 Cible: <\/strong>Les Peuples Autochtones<\/li>\n<li><strong>Secteur: <\/strong>Logement<\/li>\n<\/ul>\n<\/div>[vc_tta_accordion style=&#8221;flat&#8221; shape=&#8221;square&#8221; color=&#8221;green&#8221; spacing=&#8221;4&#8243; gap=&#8221;4&#8243; active_section=&#8221;0&#8243; no_fill=&#8221;true&#8221; collapsible_all=&#8221;true&#8221;][vc_tta_section title=&#8221;Le D\u00e9fi&#8221; tab_id=&#8221;1525192214414-7e2371d5-bdf1f7bf-25c18aee-5d94&#8243;][vc_column_text]D\u00e9but 2012, Lloyd Stevenson, pr\u00e9sident du conseil d&#8217;administration de Four Feathers Housing Cooperative, a d\u00e9couvert qu&#8217;en raison d&#8217;un certain nombre de circonstances impr\u00e9vues, Four Feathers avait besoin d&#8217;une deuxi\u00e8me hypoth\u00e8que pour son immeuble \u00e0 London, en Ontario.<\/p>\n<p>M. Stevenson a examin\u00e9 un certain nombre de possibilit\u00e9s, mais le taux d&#8217;int\u00e9r\u00eat pour les hypoth\u00e8ques de deuxi\u00e8me rang \u00e9tait prohibitif. Il s&#8217;est joint \u00e0 Tim Welsh Consulting \u00e0 London, en Ontario, et apr\u00e8s quelques recherches, ils ont \u00e9t\u00e9 ravis de d\u00e9couvrir le Fonds de progr\u00e8s communautaire. Ils ont contact\u00e9 FPC et d\u00e9but\u00e9 le processus de demande de pr\u00eat[\/vc_column_text][\/vc_tta_section][vc_tta_section title=&#8221;La Solution De FPC&#8221; tab_id=&#8221;1525192214441-71e9a39c-f85ef7bf-25c18aee-5d94&#8243;][vc_column_text]M. Stevenson d\u00e9clare\u00a0: &#8220;J&#8217;ai trouv\u00e9 le processus de pr\u00eat simple et clair. Travailler avec l&#8217;\u00e9quipe du Fonds de progr\u00e8s communautaire fut une exp\u00e9rience formidable. Nous appr\u00e9cions leur aide et leur approche collaborative. Ils sont de v\u00e9ritables partenaires pour notre entreprise et pas seulement un pr\u00eateur.&#8221;<\/p>\n<p>Nora Sobolov, ancienne chef de direction du Fonds de progr\u00e8s communautaire, a d\u00e9clar\u00e9\u00a0: &#8220;Nous sommes heureux d&#8217;apporter notre soutien \u00e0 la Four Feathers Housing Cooperative qui offrira davantage de logements abordables \u00e0 la communaut\u00e9 autochtone du Sud de l&#8217;Ontario.&#8221;[\/vc_column_text][\/vc_tta_section][vc_tta_section title=&#8221;R\u00e9sultats&#8221; tab_id=&#8221;1525192686628-5a15aaa0-921bf7bf-25c18aee-5d94&#8243;][vc_column_text]Four Feathers disposera d&#8217;un total de logements abordables pour les peuples autochtones de la r\u00e9gion en compl\u00e9ment d&#8217;une coop\u00e9rative similaire \u00e0 seulement deux p\u00e2t\u00e9s de maisons.<\/p>\n<p>La Four Feathers Housing Cooperative sera pr\u00eate pour l&#8217;emm\u00e9nagement \u00e0 l&#8217;automne 2013 et elle vise un taux d&#8217;occupation de 100\u00a0% d&#8217;ici novembre 2013.[\/vc_column_text][\/vc_tta_section][\/vc_tta_accordion][\/vc_column][vc_column bg_color=&#8221;#f7f7f7&#8243; column_padding=&#8221;padding-5&#8243; width=&#8221;1\/2&#8243;]<div class=\"single_image wpb_content_element align-left  image_box_shadow image_zoom \" data-animation=\"none\" data-delay=\"0\"><img loading=\"lazy\" decoding=\"async\" width=\"1320\" height=\"1254\" src=\"https:\/\/communityforwardfund.ca\/fr\/wp-content\/uploads\/2018\/05\/2.jpg\" class=\"attachment-full\" alt=\"\" title=\"2\" srcset=\"https:\/\/communityforwardfund.ca\/fr\/wp-content\/uploads\/2018\/05\/2.jpg 1320w, https:\/\/communityforwardfund.ca\/fr\/wp-content\/uploads\/2018\/05\/2-300x285.jpg 300w, https:\/\/communityforwardfund.ca\/fr\/wp-content\/uploads\/2018\/05\/2-768x730.jpg 768w, https:\/\/communityforwardfund.ca\/fr\/wp-content\/uploads\/2018\/05\/2-1024x973.jpg 1024w, https:\/\/communityforwardfund.ca\/fr\/wp-content\/uploads\/2018\/05\/2-600x570.jpg 600w\" sizes=\"auto, (max-width: 1320px) 100vw, 1320px\" \/><\/div>[\/vc_column][\/vc_row][vc_row type=&#8221;full_width_section&#8221; class=&#8221;mobile_row_hide&#8221; desktop_visibility=&#8221;hide&#8221; tablet_landscape_visibility=&#8221;hide&#8221; tablet_portrait_visibility=&#8221;hide&#8221; mobile_landscape_visibility=&#8221;hide&#8221; mobile_portrait_visibility=&#8221;hide&#8221; bg_position=&#8221;left top&#8221;][vc_column bg_color=&#8221;#f7f7f7&#8243; column_padding=&#8221;padding-5&#8243; width=&#8221;1\/2&#8243;]<div class=\"single_image wpb_content_element align-left  image_box_shadow image_zoom \" data-animation=\"none\" data-delay=\"0\"><img loading=\"lazy\" decoding=\"async\" width=\"1320\" height=\"1254\" src=\"https:\/\/communityforwardfund.ca\/fr\/wp-content\/uploads\/2018\/05\/cafe.jpg\" class=\"attachment-full\" alt=\"\" title=\"cafe\" srcset=\"https:\/\/communityforwardfund.ca\/fr\/wp-content\/uploads\/2018\/05\/cafe.jpg 1320w, https:\/\/communityforwardfund.ca\/fr\/wp-content\/uploads\/2018\/05\/cafe-300x285.jpg 300w, https:\/\/communityforwardfund.ca\/fr\/wp-content\/uploads\/2018\/05\/cafe-768x730.jpg 768w, https:\/\/communityforwardfund.ca\/fr\/wp-content\/uploads\/2018\/05\/cafe-1024x973.jpg 1024w, https:\/\/communityforwardfund.ca\/fr\/wp-content\/uploads\/2018\/05\/cafe-600x570.jpg 600w\" sizes=\"auto, (max-width: 1320px) 100vw, 1320px\" \/><\/div>[\/vc_column][vc_column column_padding=&#8221;padding-5&#8243; width=&#8221;1\/2&#8243;]<h2 class=\"headline font-special fontsize-xxl fontweight-400 lh-inherit align-left transform-uppercase \" style=\"margin: 0 0 0px 0; color: #71b170;\">25One Community<\/h2><div class=\"headline font-special fontsize-xs fontweight-300 lh-inherit align-left transform-uppercase \" style=\"margin: 0 0 20px 0; color: #999999;\">Ottawa, ON<\/div>[vc_column_text]Notre collaboration avec 25One Community les a aid\u00e9 \u00e0 obtenir une ligne de cr\u00e9dit pour cr\u00e9er un espace de travail collaboratif d\u00e9di\u00e9 \u00e0 la communaut\u00e9 d&#8217;Ottawa.[\/vc_column_text]<div class=\"minti_list wpb_content_element color-accent checkbox\" style=\"\">\n<ul>\n<li><strong>Communaut\u00e9 Cible:\u00a0<\/strong>Organismes Communautaires Et Sans But Lucratif<\/li>\n<li><strong>Secteur: <\/strong>Espace Communautaire<\/li>\n<\/ul>\n<\/div>[vc_tta_accordion style=&#8221;flat&#8221; shape=&#8221;square&#8221; color=&#8221;green&#8221; spacing=&#8221;4&#8243; gap=&#8221;4&#8243; active_section=&#8221;0&#8243; no_fill=&#8221;true&#8221; collapsible_all=&#8221;true&#8221;][vc_tta_section title=&#8221;Le D\u00e9fi&#8221; tab_id=&#8221;1525193346861-9f604356-48f6f7bf-25c18aee-5d94&#8243;][vc_column_text]La fondatrice de 25One, Diane Touchette, membre du Centre canadien des politiques alternatives (une organisation \u00e0 but non lucratif bien \u00e9tablie), voulait r\u00e9pondre \u00e0 un besoin grandissant dans la communaut\u00e9 d&#8217;Ottawa en construisant et en g\u00e9rant un espace de travail pour les organismes communautaires et sans but lucratif. Mais il s&#8217;est av\u00e9r\u00e9 difficile de r\u00e9unir les fonds n\u00e9cessaires sous la forme d&#8217;un pr\u00eat pour cr\u00e9er le fonds de roulement requis.<\/p>\n<p>L&#8217;organisme avait besoin d&#8217;une ligne de cr\u00e9dit pour payer les travaux de construction afin d&#8217;am\u00e9nager les deuxi\u00e8me et cinqui\u00e8me \u00e9tages de son immeuble du centre-ville en tant qu&#8217;espace de travail collaboratif. Bien que le propri\u00e9taire du b\u00e2timent ait assum\u00e9 70\u00a0% des co\u00fbts de r\u00e9novation, 25One a d\u00fb faire face \u00e0 un investissement important pour supporter sa part des co\u00fbts de r\u00e9novation et pour commercialiser l&#8217;espace.[\/vc_column_text][\/vc_tta_section][vc_tta_section title=&#8221;La Solution De FPC&#8221; tab_id=&#8221;1525193346895-d1cc1109-3071f7bf-25c18aee-5d94&#8243;][vc_column_text]La fondatrice Diane Touchette a entendu parler du Fonds de progr\u00e8s communautaire et de ses services lors d&#8217;un atelier pour les organismes int\u00e9ress\u00e9s par la finance alternative, organis\u00e9 par la\u00a0<a href=\"http:\/\/www.cfo-fco.ca\/\">Fondation communautaire d&#8217;Ottawa<\/a>, partenaire local et investisseur de la FPC. Apr\u00e8s plusieurs r\u00e9unions avec l&#8217;\u00e9quipe en charge des pr\u00eats de la FPC, 25One a fait une demande de pr\u00eat qui a \u00e9t\u00e9 accept\u00e9e. Ce pr\u00eat a permis \u00e0 25One d&#8217;ouvrir ses portes et de commencer \u00e0 commercialiser l&#8217;espace comme un carrefour dynamique o\u00f9 les organismes sans but lucratif et les membres de la communaut\u00e9 d&#8217;Ottawa pourraient se rencontrer, interagir et collaborer.<\/p>\n<p>Le deuxi\u00e8me \u00e9tage sert maintenant de lieu de rencontre principal o\u00f9 les locataires rencontrent les clients et travaillent dans le caf\u00e9 en interne. Le cinqui\u00e8me \u00e9tage est r\u00e9serv\u00e9 aux bureaux individuels et aux bureaux des organismes &#8211; actuellement, le Centre canadien des politiques alternatives et B\u00e9n\u00e9voles Canada sont leurs deux locataires principaux.[\/vc_column_text][\/vc_tta_section][vc_tta_section title=&#8221;R\u00e9sultats&#8221; tab_id=&#8221;1525193346931-37d0ade4-dbb2f7bf-25c18aee-5d94&#8243;][vc_column_text]<span lang=\"FR\">L&#8217;ancien directeur ex\u00e9cutif de 25One Community, John Urquhart, est reconnaissant vis-\u00e0-vis de FPC\u00a0: &#8220;Nous savions que notre mod\u00e8le d&#8217;affaires fonctionnait. Mais sans l&#8217;aide du FPC \u00e0 un stade critique du processus, nous aurions eu beaucoup de mal \u00e0 fournir les services que nous avions pr\u00e9vu de procurer aux organismes sans but lucratif et aux membres de la communaut\u00e9 progressiste qui se sont joints \u00e0 nous depuis. Je suis heureux d&#8217;annoncer que nous sommes \u00e0 80\u00a0% de la capacit\u00e9 avec une perspective d&#8217;occupation de 100\u00a0% bient\u00f4t.&#8221;<\/span>[\/vc_column_text][\/vc_tta_section][\/vc_tta_accordion][\/vc_column][\/vc_row][vc_row type=&#8221;full_width_section&#8221; class=&#8221;desktop_row_hide&#8221; desktop_visibility=&#8221;hide&#8221; tablet_landscape_visibility=&#8221;hide&#8221; tablet_portrait_visibility=&#8221;hide&#8221; mobile_landscape_visibility=&#8221;hide&#8221; mobile_portrait_visibility=&#8221;hide&#8221; bg_position=&#8221;left top&#8221;][vc_column column_padding=&#8221;padding-5&#8243; width=&#8221;1\/2&#8243;]<h2 class=\"headline font-special fontsize-xxl fontweight-400 lh-inherit align-left transform-uppercase \" style=\"margin: 0 0 0px 0; color: #71b170;\">25One Community<\/h2><div class=\"headline font-special fontsize-xs fontweight-300 lh-inherit align-left transform-uppercase \" style=\"margin: 0 0 20px 0; color: #999999;\">Ottawa, ON<\/div>[vc_column_text]Notre collaboration avec 25One Community les a aid\u00e9 \u00e0 obtenir une ligne de cr\u00e9dit pour cr\u00e9er un espace de travail collaboratif d\u00e9di\u00e9 \u00e0 la communaut\u00e9 d&#8217;Ottawa.[\/vc_column_text]<div class=\"minti_list wpb_content_element color-accent checkbox\" style=\"\">\n<ul>\n<li><strong>Communaut\u00e9 Cible:\u00a0<\/strong>Organismes Communautaires Et Sans But Lucratif<\/li>\n<li><strong>Secteur: <\/strong>Espace Communautaire<\/li>\n<\/ul>\n<\/div>[vc_tta_accordion style=&#8221;flat&#8221; shape=&#8221;square&#8221; color=&#8221;green&#8221; spacing=&#8221;4&#8243; gap=&#8221;4&#8243; active_section=&#8221;0&#8243; no_fill=&#8221;true&#8221; collapsible_all=&#8221;true&#8221;][vc_tta_section title=&#8221;Le D\u00e9fi&#8221; tab_id=&#8221;1527176379206-c9691c81-af7a&#8221;][vc_column_text]La fondatrice de 25One, Diane Touchette, membre du Centre canadien des politiques alternatives (une organisation \u00e0 but non lucratif bien \u00e9tablie), voulait r\u00e9pondre \u00e0 un besoin grandissant dans la communaut\u00e9 d&#8217;Ottawa en construisant et en g\u00e9rant un espace de travail pour les organismes communautaires et sans but lucratif. Mais il s&#8217;est av\u00e9r\u00e9 difficile de r\u00e9unir les fonds n\u00e9cessaires sous la forme d&#8217;un pr\u00eat pour cr\u00e9er le fonds de roulement requis.<\/p>\n<p>L&#8217;organisme avait besoin d&#8217;une ligne de cr\u00e9dit pour payer les travaux de construction afin d&#8217;am\u00e9nager les deuxi\u00e8me et cinqui\u00e8me \u00e9tages de son immeuble du centre-ville en tant qu&#8217;espace de travail collaboratif. Bien que le propri\u00e9taire du b\u00e2timent ait assum\u00e9 70\u00a0% des co\u00fbts de r\u00e9novation, 25One a d\u00fb faire face \u00e0 un investissement important pour supporter sa part des co\u00fbts de r\u00e9novation et pour commercialiser l&#8217;espace.[\/vc_column_text][\/vc_tta_section][vc_tta_section title=&#8221;La Solution De FPC&#8221; tab_id=&#8221;1527176379259-87ec785a-bf31&#8243;][vc_column_text]La fondatrice Diane Touchette a entendu parler du Fonds de progr\u00e8s communautaire et de ses services lors d&#8217;un atelier pour les organismes int\u00e9ress\u00e9s par la finance alternative, organis\u00e9 par la\u00a0<a href=\"http:\/\/www.cfo-fco.ca\/\">Fondation communautaire d&#8217;Ottawa<\/a>, partenaire local et investisseur de la FPC. Apr\u00e8s plusieurs r\u00e9unions avec l&#8217;\u00e9quipe en charge des pr\u00eats de la FPC, 25One a fait une demande de pr\u00eat qui a \u00e9t\u00e9 accept\u00e9e. Ce pr\u00eat a permis \u00e0 25One d&#8217;ouvrir ses portes et de commencer \u00e0 commercialiser l&#8217;espace comme un carrefour dynamique o\u00f9 les organismes sans but lucratif et les membres de la communaut\u00e9 d&#8217;Ottawa pourraient se rencontrer, interagir et collaborer.<\/p>\n<p>Le deuxi\u00e8me \u00e9tage sert maintenant de lieu de rencontre principal o\u00f9 les locataires rencontrent les clients et travaillent dans le caf\u00e9 en interne. Le cinqui\u00e8me \u00e9tage est r\u00e9serv\u00e9 aux bureaux individuels et aux bureaux des organismes &#8211; actuellement, le Centre canadien des politiques alternatives et B\u00e9n\u00e9voles Canada sont leurs deux locataires principaux.[\/vc_column_text][\/vc_tta_section][vc_tta_section title=&#8221;R\u00e9sultats&#8221; tab_id=&#8221;1527176379320-9e70b215-6c71&#8243;][vc_column_text]<span lang=\"FR\">L&#8217;ancien directeur ex\u00e9cutif de 25One Community, John Urquhart, est reconnaissant vis-\u00e0-vis de FPC\u00a0: &#8220;Nous savions que notre mod\u00e8le d&#8217;affaires fonctionnait. Mais sans l&#8217;aide du FPC \u00e0 un stade critique du processus, nous aurions eu beaucoup de mal \u00e0 fournir les services que nous avions pr\u00e9vu de procurer aux organismes sans but lucratif et aux membres de la communaut\u00e9 progressiste qui se sont joints \u00e0 nous depuis. Je suis heureux d&#8217;annoncer que nous sommes \u00e0 80\u00a0% de la capacit\u00e9 avec une perspective d&#8217;occupation de 100\u00a0% bient\u00f4t.&#8221;<\/span>[\/vc_column_text][\/vc_tta_section][\/vc_tta_accordion][\/vc_column][vc_column bg_color=&#8221;#f7f7f7&#8243; column_padding=&#8221;padding-5&#8243; width=&#8221;1\/2&#8243;]<div class=\"single_image wpb_content_element align-left  image_box_shadow image_zoom \" data-animation=\"none\" data-delay=\"0\"><img loading=\"lazy\" decoding=\"async\" width=\"1320\" height=\"1254\" src=\"https:\/\/communityforwardfund.ca\/fr\/wp-content\/uploads\/2018\/05\/cafe.jpg\" class=\"attachment-full\" alt=\"\" title=\"cafe\" srcset=\"https:\/\/communityforwardfund.ca\/fr\/wp-content\/uploads\/2018\/05\/cafe.jpg 1320w, https:\/\/communityforwardfund.ca\/fr\/wp-content\/uploads\/2018\/05\/cafe-300x285.jpg 300w, https:\/\/communityforwardfund.ca\/fr\/wp-content\/uploads\/2018\/05\/cafe-768x730.jpg 768w, https:\/\/communityforwardfund.ca\/fr\/wp-content\/uploads\/2018\/05\/cafe-1024x973.jpg 1024w, https:\/\/communityforwardfund.ca\/fr\/wp-content\/uploads\/2018\/05\/cafe-600x570.jpg 600w\" sizes=\"auto, (max-width: 1320px) 100vw, 1320px\" \/><\/div>[\/vc_column][\/vc_row][vc_row type=&#8221;full_width_section&#8221; desktop_visibility=&#8221;hide&#8221; tablet_landscape_visibility=&#8221;hide&#8221; tablet_portrait_visibility=&#8221;hide&#8221; mobile_landscape_visibility=&#8221;hide&#8221; mobile_portrait_visibility=&#8221;hide&#8221; bg_position=&#8221;left top&#8221;][vc_column column_padding=&#8221;padding-5&#8243; width=&#8221;1\/2&#8243;]<h2 class=\"headline font-special fontsize-xxl fontweight-400 lh-inherit align-left transform-uppercase \" style=\"margin: 0 0 0px 0; color: #71b170;\">Tucker House<\/h2><div class=\"headline font-special fontsize-xs fontweight-300 lh-inherit align-left transform-uppercase \" style=\"margin: 0 0 20px 0; color: #999999;\">Ottawa, ON<\/div>[vc_column_text]Notre collaboration avec Tucker House a permis au groupe environnemental de financer l&#8217;achat de panneaux solaires dans son espace communautaire afin de r\u00e9duire son empreinte environnementale et d&#8217;\u00e9tablir une source de revenus durable.[\/vc_column_text]<div class=\"minti_list wpb_content_element color-accent checkbox\" style=\"\">\n<ul>\n<li><strong>Communaut\u00e9 Cible: <\/strong>Jeunes Et Adultes<\/li>\n<li><strong>Secteur: <\/strong>\u00c9nergies Renouvelables<\/li>\n<\/ul>\n<\/div>[vc_tta_accordion style=&#8221;flat&#8221; shape=&#8221;square&#8221; color=&#8221;green&#8221; spacing=&#8221;4&#8243; gap=&#8221;4&#8243; active_section=&#8221;0&#8243; no_fill=&#8221;true&#8221; collapsible_all=&#8221;true&#8221;][vc_tta_section title=&#8221;Le D\u00e9fi&#8221; tab_id=&#8221;1525193605187-8a23017b-a2baf7bf-25c18aee-5d94&#8243;][vc_column_text]<a href=\"http:\/\/www.maisontuckerhouse.ca\/index.php\/en\/\">Tucker House,<\/a>\u00a0un groupe environnemental local de la r\u00e9gion d&#8217;Ottawa, est le fier b\u00e9n\u00e9ficiaire du premier pr\u00eat du Fonds de progr\u00e8s communautaire.<\/p>\n<p>Situ\u00e9s \u00e0 la campagne dans un ancien domaine familial, ils organisent depuis plusieurs ann\u00e9es des camps journaliers pour les enfants et des programmes annuels pour adultes sur l&#8217;efficacit\u00e9 \u00e9nerg\u00e9tique et l&#8217;\u00e9nergie renouvelable, prenant la rel\u00e8ve d&#8217;un groupe religieux. Leur croissance a \u00e9t\u00e9 lente et r\u00e9guli\u00e8re au cours des cinq derni\u00e8res ann\u00e9es, l&#8217;orientation \u00e9tant pass\u00e9e de confessionnelle \u00e0 environnementale, sous la tutelle d&#8217;un directeur ex\u00e9cutif dynamique et d&#8217;un conseil d&#8217;administration engag\u00e9 sur le mod\u00e8le Carver.<\/p>\n<p>En 2009, le gouvernement de l&#8217;Ontario a cr\u00e9\u00e9 un programme de micro TRG (tarifs de rachat garantis) qui permet aux petites organisations d&#8217;alimenter le r\u00e9seau en \u00e9lectricit\u00e9 et d&#8217;\u00eatre pay\u00e9 80 cents par kilowattheure.[\/vc_column_text][\/vc_tta_section][vc_tta_section title=&#8221;La Solution FPC&#8221; tab_id=&#8221;1525193605226-bb857e7f-e81af7bf-25c18aee-5d94&#8243;][vc_column_text]Le groupe environnemental utilisera le pr\u00eat pour financer l&#8217;achat de panneaux solaires. Cela leur permettra de r\u00e9duire leur empreinte environnementale et d&#8217;\u00eatre un mod\u00e8le pour la durabilit\u00e9 dans la communaut\u00e9. Il leur fournira \u00e9galement, au fil du temps, une source de revenus durable. Avec le programme micro TRG, les panneaux solaires seraient rentabilis\u00e9s d&#8217;ici 15 \u00e0 20 ans et l&#8217;organisme avait besoin de capitaux pour les acheter.[\/vc_column_text][\/vc_tta_section][vc_tta_section title=&#8221;R\u00e9sultats&#8221; tab_id=&#8221;1525193605262-845ef8fd-62adf7bf-25c18aee-5d94&#8243;][vc_column_text]<span lang=\"FR\">Gr\u00e2ce \u00e0 un pr\u00eat du Fonds de progr\u00e8s communautaire, ce r\u00eave est devenu r\u00e9alit\u00e9.<\/span>[\/vc_column_text][\/vc_tta_section][\/vc_tta_accordion][\/vc_column][vc_column bg_color=&#8221;#f7f7f7&#8243; column_padding=&#8221;padding-5&#8243; width=&#8221;1\/2&#8243;]<div class=\"single_image wpb_content_element align-left  image_box_shadow image_zoom \" data-animation=\"none\" data-delay=\"0\"><img loading=\"lazy\" decoding=\"async\" width=\"1320\" height=\"1254\" src=\"https:\/\/communityforwardfund.ca\/fr\/wp-content\/uploads\/2018\/05\/solar.jpg\" class=\"attachment-full\" alt=\"\" title=\"solar\" srcset=\"https:\/\/communityforwardfund.ca\/fr\/wp-content\/uploads\/2018\/05\/solar.jpg 1320w, https:\/\/communityforwardfund.ca\/fr\/wp-content\/uploads\/2018\/05\/solar-300x285.jpg 300w, https:\/\/communityforwardfund.ca\/fr\/wp-content\/uploads\/2018\/05\/solar-768x730.jpg 768w, https:\/\/communityforwardfund.ca\/fr\/wp-content\/uploads\/2018\/05\/solar-1024x973.jpg 1024w, https:\/\/communityforwardfund.ca\/fr\/wp-content\/uploads\/2018\/05\/solar-600x570.jpg 600w\" sizes=\"auto, (max-width: 1320px) 100vw, 1320px\" \/><\/div>[\/vc_column][\/vc_row][vc_row type=&#8221;full_width_section&#8221; bg_color=&#8221;#f7f7f7&#8243; text_align=&#8221;center&#8221; top_padding=&#8221;60&#8243; bottom_padding=&#8221;60&#8243; desktop_visibility=&#8221;hide&#8221; tablet_landscape_visibility=&#8221;hide&#8221; tablet_portrait_visibility=&#8221;hide&#8221; mobile_landscape_visibility=&#8221;hide&#8221; mobile_portrait_visibility=&#8221;hide&#8221; bg_position=&#8221;left top&#8221;][vc_column width=&#8221;1\/1&#8243;]<a href=\"https:\/\/communityforwardfund.ca\/fr\/exemples-de-financement\" target=\"_self\" class=\"button color-2 large \" style=\"border-radius: 2px;\">VOIR PLUS DE PROJETS<\/a>[\/vc_column][\/vc_row][vc_row type=&#8221;full_width_section&#8221; desktop_visibility=&#8221;hide&#8221; tablet_landscape_visibility=&#8221;hide&#8221; tablet_portrait_visibility=&#8221;hide&#8221; mobile_landscape_visibility=&#8221;hide&#8221; mobile_portrait_visibility=&#8221;hide&#8221; bg_position=&#8221;left top&#8221;][vc_column width=&#8221;1\/1&#8243;]<div class=\"callout clearfix\" style=\"background-color:#71b170; color:#ffffff;\">\n\t\t<div class=\"callout-text\">Contactez-nous pour en savoir plus<\/div>\n\t\t\t<div class=\"callout-button\"><a class=\"button medium color-7\" href=\"https:\/\/communityforwardfund.ca\/fr\/contact\" target=\"_self\">Contact<\/a><\/div>\n\t\t<\/div>[\/vc_column][\/vc_row]<\/p>\n<\/div>","protected":false},"excerpt":{"rendered":"<p>[vc_row bg_image=&#8221;16365&#8243; top_padding=&#8221;150&#8243; bottom_padding=&#8221;150&#8243; bg_position=&#8221;center center&#8221;][vc_column width=&#8221;1\/1&#8243;][\/vc_column][\/vc_row][vc_row top_padding=&#8221;80&#8243; bottom_padding=&#8221;80&#8243;][vc_column text_align=&#8221;center&#8221; width=&#8221;1\/1&#8243;][\/vc_column][\/vc_row][vc_row type=&#8221;full_width_section&#8221; desktop_visibility=&#8221;hide&#8221; tablet_landscape_visibility=&#8221;hide&#8221; tablet_portrait_visibility=&#8221;hide&#8221; mobile_landscape_visibility=&#8221;hide&#8221; mobile_portrait_visibility=&#8221;hide&#8221; bg_position=&#8221;left top&#8221;][vc_column bg_color=&#8221;#f7f7f7&#8243; column_padding=&#8221;padding-5&#8243; width=&#8221;1\/2&#8243;][vc_column_text]Le Fonds de progr\u00e8s communautaire investit dans le secteur caritatif et sans but lucratif sous forme de pr\u00eats. Nous pr\u00eatons aux organismes petits et moyens qui s&#8217;engagent \u00e0 servir leurs communaut\u00e9s. Nous nous appuyons sur une vaste exp\u00e9rience pour structurer des opportunit\u00e9s d&#8217;investissement adapt\u00e9es aux besoins de nos investisseurs tout en cr\u00e9ant des avantages \u00e0 long terme pour la communaut\u00e9. Nos investissements offrent des rendements financiers et sociaux.[\/vc_column_text][\/vc_column][vc_column bg_image=&#8221;16358&#8243; column_padding=&#8221;padding-5&#8243; column_center=&#8221;true&#8221; text_color=&#8221;light&#8221; width=&#8221;1\/2&#8243;][\/vc_column][\/vc_row][vc_row top_padding=&#8221;70&#8243; bottom_padding=&#8221;70&#8243; desktop_visibility=&#8221;hide&#8221; tablet_landscape_visibility=&#8221;hide&#8221; tablet_portrait_visibility=&#8221;hide&#8221; mobile_landscape_visibility=&#8221;hide&#8221; mobile_portrait_visibility=&#8221;hide&#8221;][vc_column width=&#8221;1\/1&#8243;][vc_row_inner][vc_column_inner width=&#8221;1\/2&#8243;][\/vc_column_inner][vc_column_inner width=&#8221;1\/2&#8243;][\/vc_column_inner][\/vc_row_inner][\/vc_column][\/vc_row][vc_row bg_color=&#8221;#f7f7f7&#8243; top_padding=&#8221;70&#8243; bottom_padding=&#8221;20&#8243; desktop_visibility=&#8221;hide&#8221; tablet_landscape_visibility=&#8221;hide&#8221; tablet_portrait_visibility=&#8221;hide&#8221; mobile_landscape_visibility=&#8221;hide&#8221; mobile_portrait_visibility=&#8221;hide&#8221; bg_position=&#8221;center top&#8221;][vc_column][\/vc_column][\/vc_row][vc_row bg_image=&#8221;16325&#8243; top_padding=&#8221;150&#8243; bottom_padding=&#8221;150&#8243; desktop_visibility=&#8221;hide&#8221; tablet_landscape_visibility=&#8221;hide&#8221; tablet_portrait_visibility=&#8221;hide&#8221; mobile_landscape_visibility=&#8221;hide&#8221; mobile_portrait_visibility=&#8221;hide&#8221; bg_position=&#8221;center center&#8221;][vc_column width=&#8221;1\/1&#8243;][\/vc_column][\/vc_row][vc_row type=&#8221;full_width_section&#8221; desktop_visibility=&#8221;hide&#8221; tablet_landscape_visibility=&#8221;hide&#8221; tablet_portrait_visibility=&#8221;hide&#8221; mobile_landscape_visibility=&#8221;hide&#8221; mobile_portrait_visibility=&#8221;hide&#8221; bg_position=&#8221;left top&#8221;][vc_column column_padding=&#8221;padding-5&#8243; width=&#8221;1\/2&#8243;][vc_column_text]Notre travail avec Four Feathers Housing Cooperative a facilit\u00e9 la cr\u00e9ation de 33 nouveaux logements abordables pour les membres des communaut\u00e9s autochtones du Sud de l&#8217;Ontario.[\/vc_column_text][vc_tta_accordion style=&#8221;flat&#8221; shape=&#8221;square&#8221; color=&#8221;green&#8221; spacing=&#8221;4&#8243; gap=&#8221;4&#8243; active_section=&#8221;0&#8243; no_fill=&#8221;true&#8221; collapsible_all=&#8221;true&#8221;][vc_tta_section title=&#8221;Le D\u00e9fi&#8221; tab_id=&#8221;1525192214414-7e2371d5-bdf1f7bf-25c18aee-5d94&#8243;][vc_column_text]D\u00e9but 2012, Lloyd Stevenson, pr\u00e9sident du conseil d&#8217;administration de Four Feathers Housing Cooperative, a d\u00e9couvert qu&#8217;en raison d&#8217;un certain nombre de circonstances impr\u00e9vues, Four Feathers avait besoin d&#8217;une deuxi\u00e8me hypoth\u00e8que [&hellip;]<\/p>\n","protected":false},"author":1,"featured_media":0,"parent":0,"menu_order":0,"comment_status":"open","ping_status":"open","template":"","meta":{"_monsterinsights_skip_tracking":false,"_monsterinsights_sitenote_active":false,"_monsterinsights_sitenote_note":"","_monsterinsights_sitenote_category":0,"footnotes":""},"class_list":["post-15919","page","type-page","status-publish","hentry"],"_links":{"self":[{"href":"https:\/\/communityforwardfund.ca\/fr\/wp-json\/wp\/v2\/pages\/15919","targetHints":{"allow":["GET"]}}],"collection":[{"href":"https:\/\/communityforwardfund.ca\/fr\/wp-json\/wp\/v2\/pages"}],"about":[{"href":"https:\/\/communityforwardfund.ca\/fr\/wp-json\/wp\/v2\/types\/page"}],"author":[{"embeddable":true,"href":"https:\/\/communityforwardfund.ca\/fr\/wp-json\/wp\/v2\/users\/1"}],"replies":[{"embeddable":true,"href":"https:\/\/communityforwardfund.ca\/fr\/wp-json\/wp\/v2\/comments?post=15919"}],"version-history":[{"count":29,"href":"https:\/\/communityforwardfund.ca\/fr\/wp-json\/wp\/v2\/pages\/15919\/revisions"}],"predecessor-version":[{"id":16943,"href":"https:\/\/communityforwardfund.ca\/fr\/wp-json\/wp\/v2\/pages\/15919\/revisions\/16943"}],"wp:attachment":[{"href":"https:\/\/communityforwardfund.ca\/fr\/wp-json\/wp\/v2\/media?parent=15919"}],"curies":[{"name":"wp","href":"https:\/\/api.w.org\/{rel}","templated":true}]}}